{"id":231,"date":"2019-02-20T11:50:32","date_gmt":"2019-02-20T10:50:32","guid":{"rendered":"http:\/\/www.icps-conference.org\/?page_id=231"},"modified":"2020-05-04T11:01:14","modified_gmt":"2020-05-04T09:01:14","slug":"scientific-commitee-and-team","status":"publish","type":"page","link":"https:\/\/www.icps-conference.org\/index.php\/scientific-commitee-and-team\/","title":{"rendered":"Scientific Commitee and Team"},"content":{"rendered":"<div class=\"\" style=\"\" >\n    \n    <section class=\"u-clearfix u-image u-section-2\" id=\"sec-905a\">\n      <div class=\"u-clearfix u-sheet u-sheet-1\">\n        <div class=\"u-align-center-lg u-align-center-xs u-align-left-sm u-container-style u-expanded-width-xs u-group u-opacity u-opacity-75 u-palette-3-dark-1 u-group-1\">\n          <div class=\"u-container-layout u-container-layout-1\">\n            <h1 class=\"u-align-center-md u-align-center-sm u-align-center-xl u-text u-title u-text-1\">Scientific Committee<br>&amp; Team\n            <\/h1>\n            <p class=\"u-align-center-md u-align-center-sm u-align-center-xl u-large-text u-text u-text-variant u-text-2\">We are glad to grant scientific excellence and invite you to participate at the ICPS19<\/p>\n          <\/div>\n        <\/div>\n      <\/div>\n    <\/section>\n    <section class=\"u-clearfix u-palette-3-light-3 u-section-3\" id=\"sec-8aba\">\n      <div class=\"u-clearfix u-sheet u-sheet-1\">\n        <h3 class=\"u-text u-text-palette-2-base u-text-1\">Scientific Committee<\/h3>\n        <p class=\"u-text u-text-palette-2-base u-text-2\">International Scientific Committee<\/p>\n        <img decoding=\"async\" src=\"http:\/\/www.icps-conference.org\/wp-content\/uploads\/2019\/03\/austria.gif\" alt=\"\" class=\"u-image u-image-default u-image-1\" data-image-width=\"32\" data-image-height=\"20\">\n        <img decoding=\"async\" src=\"http:\/\/www.icps-conference.org\/wp-content\/uploads\/2019\/03\/austria.gif\" alt=\"\" class=\"u-image u-image-default u-image-2\" data-image-width=\"32\" data-image-height=\"20\">\n        <ul class=\"u-indent-15 u-spacing-8 u-text u-text-palette-2-base u-text-3\">\n          <li><b>\n              <a href=\"https:\/\/tiss.tuwien.ac.at\/adressbuch\/adressbuch\/person\/158168\" target=\"_blank\">Univ.-Prof. Hermann Hofbauer,<\/a>&nbsp;<i style=\"font-size: 0.875rem; font-family: Roboto,sans-serif;\">\n                <a href=\"https:\/\/tiss.tuwien.ac.at\/adressbuch\/adressbuch\/person\/158168\" target=\"_blank\" style=\"font-size: 0.875rem; font-family: Roboto,sans-serif;\">TU Wie<\/a>n&nbsp;<\/i>\n              <a href=\"https:\/\/tiss.tuwien.ac.at\/adressbuch\/adressbuch\/person\/158168\" target=\"_blank\" style=\"font-size: 0.875rem; font-family: Roboto,sans-serif;\">- Chair<\/a><\/b>\n          <\/li>\n          <li>\n            <a href=\"https:\/\/tiss.tuwien.ac.at\/person\/54144\" target=\"_blank\"><b>DI Dr. Stefan M\u00fcller,&nbsp;<i>TU Wien<\/i>&nbsp;- Co-Chair<\/b>\n            <\/a>\n            <br>\n          <\/li>\n          <li>\n            <a href=\"http:\/\/vtiu.unileoben.ac.at\/de\/team\/id,55\/\" target=\"_blank\">Univ.-Prof. Markus Lehner,&nbsp;<i>Montanuniversit\u00e4t Leoben<\/i>\n            <\/a>\n            <br>\n          <\/li>\n          <li>\n            <a href=\"https:\/\/online.tugraz.at\/tug_online\/visitenkarte.show_vcard?pPersonenGruppe=3&amp;pPersonenId=E0D9DA5B4864ADC8\" target=\"_blank\">Univ.-Prof. Robert Scharler,&nbsp;<i>TU Graz<\/i>\n            <\/a>\n            <br>\n          <\/li>\n          <li>\n            <a href=\"https:\/\/boku.ac.at\/personen\/person\/6480D0431EE3FDB2\/\" target=\"_blank\">Univ.-Prof. Tobias Pr\u00f6ll,&nbsp;<i>BOKU<\/i>\n            <\/a>\n            <br>\n          <\/li>\n          <li>DI Dr. Andr\u00e9s Anca-Couce,&nbsp;<i>\n              <a href=\"https:\/\/online.tugraz.at\/tug_online\/visitenkarte.show_vcard?pPersonenGruppe=3&amp;pPersonenId=2E67A67C5742A718\" target=\"_blank\">TU Graz<\/a><\/i>\n            <br>\n          <\/li>\n          <li>\n            <a href=\"https:\/\/www.bmnt.gv.at\/ministerium\/aufgaben-struktur\/sektion_VI-energie-bergbau\/abt_VI_3.html\" target=\"_blank\">DI Dr. Michael Fuchs, MBA,<i>&nbsp;Bundesministerium Nachhaltigkeit und Tourismus<\/i>\n            <\/a>\n            <br>\n          <\/li>\n          <li>\n            <a href=\"https:\/\/www.bioenergy2020.eu\/webroot\/files\/files\/Kuba_CV.pdf\" target=\"_blank\">DI Dr. Matthias Kuba,&nbsp;<i>Bioenergy 2020+<\/i>\n            <\/a>\n            <br>\n          <\/li>\n          <li>DI Dr. Markus Luisser,&nbsp;<i>Bioenergy 2020+<\/i>\n          <\/li>\n          <li>\n            <a href=\"https:\/\/tiss.tuwien.ac.at\/person\/45530\" target=\"_blank\">DI Dr. Gerhard Sch\u00f6ny<i style=\"font-style: italic;\">,&nbsp;TU Wien<\/i>\n            <\/a>\n            <br>\n          <\/li>\n          <li>DI Dr. Gerald Weber,&nbsp;<i>Bioenergy 2020+<\/i>\n            <br>\n          <\/li>\n        <\/ul>\n        <img decoding=\"async\" src=\"http:\/\/www.icps-conference.org\/wp-content\/uploads\/2019\/05\/bangladesh.gif\" alt=\"\" class=\"u-image u-image-default u-image-3\" data-image-width=\"32\" data-image-height=\"20\">\n        <ul class=\"u-indent-15 u-spacing-8 u-text u-text-palette-2-base u-text-4\">\n          <li>Ass.-Prof. Dr. Kawnish Kirtania,<i>\n              <a href=\"https:\/\/kkdwip.buet.ac.bd\/\" target=\"_blank\">&nbsp;Bangladesh University of Engineering and Technology<\/a><\/i>\n            <br>\n          <\/li>\n        <\/ul>\n        <img decoding=\"async\" src=\"http:\/\/www.icps-conference.org\/wp-content\/uploads\/2019\/03\/germany.gif\" alt=\"\" class=\"u-image u-image-default u-image-4\" data-image-width=\"32\" data-image-height=\"20\">\n        <ul class=\"u-indent-15 u-spacing-8 u-text u-text-palette-2-base u-text-5\">\n          <li>\n            <a href=\"https:\/\/www.tuhh.de\/iue\/mitarbeiterinnen\/martin-kaltschmitt.html\" target=\"_blank\">Univ.-Prof. Martin Kaltschmitt,&nbsp;<i>Technische Universit\u00e4t Hamburg<\/i>\n            <\/a>\n            <br>\n          <\/li>\n          <li>\n            <a href=\"https:\/\/www.evt.tf.fau.de\/person\/juergen-karl\/\" target=\"_blank\">Univ.-Prof. J\u00fcrgen Karl,<i>&nbsp;Friedrich-Alexander Universit\u00e4t Erlangen-N\u00fcrnberg<\/i>\n            <\/a>\n            <br>\n          <\/li>\n          <li>\n            <a href=\"https:\/\/ceb.ebi.kit.edu\/287_2192.php\" target=\"_blank\">Univ.-Prof. Reinhard Rauch,&nbsp;<i>Karlsruhe Institute of Technology<\/i>\n            <\/a>\n            <br>\n          <\/li>\n        <\/ul>\n        <img decoding=\"async\" src=\"http:\/\/www.icps-conference.org\/wp-content\/uploads\/2019\/03\/italy.gif\" alt=\"\" class=\"u-image u-image-default u-image-5\" data-image-width=\"32\" data-image-height=\"20\">\n        <ul class=\"u-indent-15 u-spacing-8 u-text u-text-palette-2-base u-text-6\">\n          <li>\n            <a href=\"http:\/\/www.distabif.unicampania.it\/16-docenti\/32-arena-umberto\" target=\"_blank\">Univ.-Prof. Umberto Arena,&nbsp;<i>Universit\u00e0 degli Studi della Campania \u201cLuigi Vanvitelli\u201d<\/i>\n            <\/a>\n            <br>\n          <\/li>\n          <li>\n            <a href=\"http:\/\/www.dicmapi.unina.it\/faculty\/faculty-by-disciplines\/name\/fabrizio-scala\/\" target=\"_blank\">Assoc. Prof. Fabrizio Scala,&nbsp;<i>Universit\u00e0 degli Studi di Napoli Federico II<\/i>\n            <\/a>\n            <br>\n          <\/li>\n        <\/ul>\n        <img decoding=\"async\" src=\"http:\/\/www.icps-conference.org\/wp-content\/uploads\/2019\/05\/netherlands.gif\" alt=\"\" class=\"u-image u-image-default u-image-6\" data-image-width=\"32\" data-image-height=\"20\">\n        <ul class=\"u-indent-15 u-spacing-8 u-text u-text-palette-2-base u-text-7\">\n          <li>\n            <a href=\"https:\/\/www.tno.nl\/en\/collaboration\/find-a-tno-employee\/berend-vreugdenhil\/cid23740\/\" target=\"_blank\">Ir. Berend Vreugdenhil,&nbsp;<i>TNO<\/i>\n            <\/a>\n            <br>\n          <\/li>\n        <\/ul>\n        <img decoding=\"async\" src=\"http:\/\/www.icps-conference.org\/wp-content\/uploads\/2019\/05\/poland.gif\" alt=\"\" class=\"u-image u-image-default u-image-7\" data-image-width=\"32\" data-image-height=\"20\">\n        <ul class=\"u-indent-15 u-spacing-8 u-text u-text-palette-2-base u-text-8\">\n          <li>Univ.-Prof. Joanna \u0141ojewska,&nbsp;<i>\n              <a href=\"https:\/\/en.uj.edu.pl\/en_US\/quick-links\/staff-search-engine?p_p_id=56_INSTANCE_jnEpZbc2gIxJ&amp;p_p_lifecycle=0&amp;p_p_state=normal&amp;p_p_mode=view&amp;p_p_col_id=column-3&amp;p_p_col_count=1&amp;nr_osobowy=11015750\" target=\"_blank\">Uniwersytet Jagiello\u0144ski W Krakowie<\/a><\/i>\n            <br>\n          <\/li>\n        <\/ul>\n        <img decoding=\"async\" src=\"http:\/\/www.icps-conference.org\/wp-content\/uploads\/2019\/03\/sweden.gif\" alt=\"\" class=\"u-image u-image-default u-image-8\" data-image-width=\"32\" data-image-height=\"20\">\n        <ul class=\"u-indent-15 u-spacing-8 u-text u-text-palette-2-base u-text-9\">\n          <li>\n            <a href=\"https:\/\/www.ltu.se\/staff\/j\/joakim-1.11607\" target=\"_blank\">Univ.-Prof. Joakim Lundgren,&nbsp;<i>Lule\u00e5 tekniska universitet<\/i>\n            <\/a>\n            <br>\n          <\/li>\n          <li>\n            <a href=\"https:\/\/www.chalmers.se\/en\/staff\/Pages\/martin-seemann.aspx\" target=\"_blank\">Assoc. Prof. Martin Seemann,<i>&nbsp;Chalmers University of Technology<\/i>\n            <\/a>\n            <br>\n          <\/li>\n          <li>Univ.-Prof. Marcus \u00d6hman,&nbsp;<i>\n              <a href=\"https:\/\/www.ltu.se\/staff\/o\/ohmmar-1.22784\" target=\"_blank\">Lule\u00e5 tekniska universitet<\/a><\/i>\n            <br>\n          <\/li>\n        <\/ul>\n        <img decoding=\"async\" src=\"http:\/\/www.icps-conference.org\/wp-content\/uploads\/2019\/05\/uk-1.gif\" alt=\"\" class=\"u-image u-image-default u-image-9\" data-image-width=\"32\" data-image-height=\"20\">\n        <ul class=\"u-indent-15 u-spacing-8 u-text u-text-palette-2-base u-text-10\">\n          <li>\n            <a href=\"https:\/\/www.ucl.ac.uk\/chemical-engineering\/people\/massimiliano-materazzi\" target=\"_blank\">Dr. Massimiliano Materazzi,&nbsp;<i>University College London<\/i>&nbsp;\n            <\/a>\n            <br>\n          <\/li>\n        <\/ul>\n        <img decoding=\"async\" src=\"http:\/\/www.icps-conference.org\/wp-content\/uploads\/2019\/05\/usa.gif\" alt=\"\" class=\"u-image u-image-default u-image-10\" data-image-width=\"32\" data-image-height=\"20\">\n        <ul class=\"u-indent-15 u-spacing-8 u-text u-text-palette-2-base u-text-11\">\n          <li>Univ.- <a href=\"https:\/\/www.che.utah.edu\/department\/people\/faculty\/kevin_j_whitty\" target=\"_blank\" style=\"font-size: 0.875rem; font-family: Roboto,sans-serif;\">\n              <font face=\"Roboto,sans-serif\">\n                <span style=\"font-size: 0.875rem;\">Prof. Kevin J. Whitty,<\/span>\n              <\/font><i style=\"font-size: 0.875rem; font-family: Roboto,sans-serif;\">&nbsp;The University of Utah<\/i>\n            <\/a>\n          <\/li>\n        <\/ul>\n        <p class=\"u-text u-text-palette-2-base u-text-12\">Junior Committee<\/p>\n        <ul class=\"u-indent-15 u-spacing-8 u-text u-text-palette-2-base u-text-13\">\n          <li>DI Anna Mauerhofer<\/li>\n          <li>DI Florian Benedikt<\/li>\n          <li>DI Josef Fuchs<\/li>\n        <\/ul>\n      <\/div>\n    <\/section>\n    <section class=\"u-border-10 u-border-palette-2-base u-clearfix u-palette-3-light-3 u-section-4\" id=\"sec-40c4\">\n      <div class=\"u-clearfix u-sheet u-sheet-1\">\n        <h3 class=\"u-align-center u-text u-text-palette-2-base u-text-1\">Organization Team<\/h3>\n        <p class=\"u-align-center u-text u-text-palette-2-base u-text-2\">DI Dr. Stefan M\u00fcller<br>DI Dr. Matthias Kuba<br>Lisa Adam<br>Julia Hofbauer<br>\n        <\/p>\n        <p class=\"u-align-center u-text u-text-palette-2-base u-text-3\">You are welcome to contact us via<br>contact@icps-conference.org\n        <\/p>\n      <\/div>\n    <\/section>\n    \n    \n    \n  \n<\/div>","protected":false},"excerpt":{"rendered":"<p>Scientific Committee&amp; Team We are glad to grant scientific excellence and invite you to participate at the ICPS19 Scientific Committee International Scientific Committee Univ.-Prof. Hermann Hofbauer,&nbsp; TU Wien&nbsp; &#8211; Chair DI Dr. Stefan M\u00fcller,&nbsp;TU Wien&nbsp;&#8211; Co-Chair Univ.-Prof. Markus Lehner,&nbsp;Montanuniversit\u00e4t Leoben Univ.-Prof. Robert Scharler,&nbsp;TU Graz Univ.-Prof. Tobias Pr\u00f6ll,&nbsp;BOKU DI Dr. Andr\u00e9s Anca-Couce,&nbsp; TU Graz DI Dr. &hellip; <\/p>\n<p class=\"link-more\"><a href=\"https:\/\/www.icps-conference.org\/index.php\/scientific-commitee-and-team\/\" class=\"more-link\"><span class=\"screen-reader-text\">\u201eScientific Commitee and Team\u201c<\/span> weiterlesen<\/a><\/p>\n","protected":false},"author":2,"featured_media":0,"parent":0,"menu_order":0,"comment_status":"closed","ping_status":"closed","template":"","meta":{"footnotes":""},"aioseo_notices":[],"_links":{"self":[{"href":"https:\/\/www.icps-conference.org\/index.php\/wp-json\/wp\/v2\/pages\/231"}],"collection":[{"href":"https:\/\/www.icps-conference.org\/index.php\/wp-json\/wp\/v2\/pages"}],"about":[{"href":"https:\/\/www.icps-conference.org\/index.php\/wp-json\/wp\/v2\/types\/page"}],"author":[{"embeddable":true,"href":"https:\/\/www.icps-conference.org\/index.php\/wp-json\/wp\/v2\/users\/2"}],"replies":[{"embeddable":true,"href":"https:\/\/www.icps-conference.org\/index.php\/wp-json\/wp\/v2\/comments?post=231"}],"version-history":[{"count":45,"href":"https:\/\/www.icps-conference.org\/index.php\/wp-json\/wp\/v2\/pages\/231\/revisions"}],"predecessor-version":[{"id":787,"href":"https:\/\/www.icps-conference.org\/index.php\/wp-json\/wp\/v2\/pages\/231\/revisions\/787"}],"wp:attachment":[{"href":"https:\/\/www.icps-conference.org\/index.php\/wp-json\/wp\/v2\/media?parent=231"}],"curies":[{"name":"wp","href":"https:\/\/api.w.org\/{rel}","templated":true}]}}